{"id":5299,"date":"2025-08-25T15:46:19","date_gmt":"2025-08-25T15:46:19","guid":{"rendered":"https:\/\/durabilitas.ch\/?post_type=projekte&#038;p=5299"},"modified":"2026-03-10T13:44:57","modified_gmt":"2026-03-10T13:44:57","slug":"villes-et-sols-vivants","status":"publish","type":"projekte","link":"https:\/\/durabilitas.ch\/fr\/projets\/villes-et-sols-vivants\/","title":{"rendered":"Villes et Sols vivants"},"content":{"rendered":"\r\n<header id=\"header-block_a900910abc98066d7ab45b7711d677b6\" class=\"page-header has-no-image has-spacing--default\">\r\n\r\n    \r\n    <div class=\"page-header__content has-title-image--large\">\r\n\r\n        <div class=\"page-header__inner\">\r\n\r\n            <div class=\"page-header__category\">\r\n\r\n                <a href=\"https:\/\/durabilitas.ch\/fr\/categories-projets\/sante-des-sols\/\">Sant\u00e9 des sols<\/a>\r\n            <\/div>\r\n\r\n            <div class=\"page-header__title\">\n\n<h1 class=\"wp-block-heading\">Villes et Sols vivants<\/h1>\n\n\n\n<p class=\"page-header__text\">Des sols en bonne sant\u00e9 prot\u00e8gent les zones urbaines des risques naturels et contribuent \u00e0 la qualit\u00e9 de l\u2019espace b\u00e2ti. La Suisse perd pourtant chaque jour l\u2019\u00e9quivalent de <a href=\"https:\/\/www.bafu.admin.ch\/bafu\/fr\/home\/themes\/sol\/en-bref.html\" target=\"_blank\" rel=\"noreferrer noopener\">7&nbsp;terrains de football<\/a> sous le bitume. Les petites villes et agglom\u00e9rations manquent souvent de moyens pour r\u00e9agir. Nous d\u00e9veloppons avec elles des solutions concr\u00e8tes pour pr\u00e9server et d\u00e9simperm\u00e9abiliser les sols, sensibiliser les acteur.trices cl\u00e9s et cr\u00e9er des outils pratiques.<br>&nbsp;<\/p>\n\n<\/div>\r\n        <\/div>\r\n\r\n        \r\n                        <figure class=\"page-header__image\">\r\n                    <img loading=\"lazy\" decoding=\"async\" width=\"2127\" height=\"1409\" src=\"https:\/\/durabilitas.ch\/wp-content\/uploads\/2025\/08\/iStock-1157970665.jpg\" class=\"attachment-post-thumbnail size-post-thumbnail wp-post-image\" alt=\"\" srcset=\"https:\/\/durabilitas.ch\/wp-content\/uploads\/2025\/08\/iStock-1157970665.jpg 2127w, https:\/\/durabilitas.ch\/wp-content\/uploads\/2025\/08\/iStock-1157970665-300x199.jpg 300w, https:\/\/durabilitas.ch\/wp-content\/uploads\/2025\/08\/iStock-1157970665-1024x678.jpg 1024w, https:\/\/durabilitas.ch\/wp-content\/uploads\/2025\/08\/iStock-1157970665-768x509.jpg 768w, https:\/\/durabilitas.ch\/wp-content\/uploads\/2025\/08\/iStock-1157970665-1536x1018.jpg 1536w, https:\/\/durabilitas.ch\/wp-content\/uploads\/2025\/08\/iStock-1157970665-2048x1357.jpg 2048w, https:\/\/durabilitas.ch\/wp-content\/uploads\/2025\/08\/iStock-1157970665-1070x709.jpg 1070w, https:\/\/durabilitas.ch\/wp-content\/uploads\/2025\/08\/iStock-1157970665-470x311.jpg 470w, https:\/\/durabilitas.ch\/wp-content\/uploads\/2025\/08\/iStock-1157970665-1360x901.jpg 1360w\" sizes=\"auto, (max-width: 2127px) 100vw, 2127px\" \/>                <\/figure>\r\n        \r\n    <\/div><!-- .page-header__content -->\r\n\r\n            <a class=\"link-overview\" href=\"https:\/\/durabilitas.ch\/fr\/projets\/\">\r\n            vue d&rsquo;ensemble        <\/a>\r\n    \r\n\r\n<\/header>\r\n\r\n\n\n\n<h2 class=\"wp-block-heading\">Le d\u00e9fi<\/h2>\n\n\n\n<p class=\"wp-block-paragraph\">Les vagues de chaleur et les fortes pluies mettent nos villes sous pression. Pour augmenter leur r\u00e9silience, les sols intacts et vivants sont de pr\u00e9cieux alli\u00e9s&nbsp;: ils rafra\u00eechissent l\u2019air, r\u00e9duisent le risque d&rsquo;inondations, favorisent la biodiversit\u00e9 et am\u00e9liorent la qualit\u00e9 des espaces publics. Encore faut-il pr\u00e9server leur bonne sant\u00e9 et lib\u00e9rer les surfaces imperm\u00e9abilis\u00e9es de leur bitume. Pour appliquer ces pr\u00e9ceptes, via notamment le concept de \u00ab&nbsp;ville \u00e9ponge&nbsp;\u00bb, les moyens manquent souvent dans les petites villes et communes d\u2019agglom\u00e9ration. S\u2019y ajoutent des r\u00e9glementations floues, des co\u00fbts d\u2019entretien suppl\u00e9mentaires, l\u2019absence d\u2019incitations, etc.<\/p>\n\n\n\r\n    <div id=\"facts-block_ee957e32d48bc12417ca01245ce155b5\" class=\"facts has-spacing--none\">\r\n\r\n                    <h3 class=\"facts__headline\">Des faits qui font r\u00e9fl\u00e9chir :<\/h3>\r\n        \r\n        <div class=\"facts__inner\">\r\n\r\n                            <div class=\"fact fade-up\">\r\n                    <p class=\"fact__number\">1 m\u00b3<\/p>\r\n                    <p class=\"fact__text\">de sol en bonne sant\u00e9 et intact emmagasine jusqu\u2019\u00e0 450 litres d\u2019eau.<\/p>\r\n                <\/div><!-- .fact -->\r\n                            <div class=\"fact fade-up\">\r\n                    <p class=\"fact__number\">2022<\/p>\r\n                    <p class=\"fact__text\">En 2022, la Suisse a compt\u00e9 plus de d\u00e9c\u00e8s li\u00e9s \u00e0 la chaleur qu\u2019aux accidents de la route.<\/p>\r\n                <\/div><!-- .fact -->\r\n            \r\n        <\/div><!-- .facts__inner -->\r\n\r\n\r\n    <\/div><!-- .facts -->\r\n\r\n\n\n\n<p class=\"wp-block-paragraph has-spacing--default\"><sup><sub>Source faits: <a href=\"https:\/\/www.bafu.admin.ch\/bafu\/fr\/home\/themes\/climat\/dossiers\/la-canicule-et-la-secheresse-de-l-ete-2022.html\" target=\"_blank\" rel=\"noreferrer noopener\">OFEV<\/a>, <a href=\"https:\/\/www.bfs.admin.ch\/bfs\/fr\/home\/statistiques\/mobilite-transports\/accidents-impact-environnement\/accidents-transports\/route.html\" target=\"_blank\" rel=\"noreferrer noopener\">OFS<\/a>, <a href=\"https:\/\/www.ag.ch\/de\/themen\/umwelt-natur\/informationsbulletin-umwelt-aargau#:~:text=Wie%20viel%20Wasser%20kann%20ein%20Kubikmeter%20Boden,ganzer%20Me%2D%20ter%20Boden%20zu%20finden%20ist\" target=\"_blank\" rel=\"noreferrer noopener\">AG<\/a><\/sub><\/sup><\/p>\n\n\n\n<p class=\"wp-block-paragraph\">Apr\u00e8s une d\u00e9simperm\u00e9abilisation, il faut recr\u00e9er des sols capables d\u2019assurer leurs fonctions \u00e9cologiques. Trop souvent, on ignore qu\u2019un sol doit par exemple avoir une certaine profondeur pour cela. Le contexte local et les buts doivent \u00eatre pris en compte&nbsp;: un substrat pour drainer une rue ne se con\u00e7oit pas comme le sol d\u2019un parc urbain biodiversit\u00e9.<\/p>\n\n\n\r\n    <div id=\"infobox-block_5f9c196f99b58f5063e9a1870ea6c7f6\" class=\"infobox-block-outer has-spacing--default\">\r\n\r\n        <div class=\"infobox\">\n\n<h3 class=\"wp-block-heading infobox__headline\">Le principe de la ville \u00e9ponge<\/h3>\n\n\n\n<p class=\"infobox__text\">La ville \u00e9ponge con\u00e7oit l\u2019espace urbain comme un \u00e9ponge qui capte l\u2019eau de pluie, la stocke et la restitue lentement au lieu de l\u2019\u00e9vacuer rapidement. Les fortes pluies, s\u00e9cheresses et vagues de chaleur sont ainsi mieux g\u00e9r\u00e9es. Les sols sans rev\u00eatement artificiel et perm\u00e9ables sont pour cela essentiels&nbsp;: ils absorbent, stockent et filtrent l\u2019eau.<br><br>Plus d\u2019infos sur&nbsp;: <a href=\"https:\/\/ville-eponge.info\" target=\"_blank\" rel=\"noreferrer noopener\">R\u00e9seau<\/a> <a href=\"https:\/\/ville-eponge.info\" target=\"_blank\" rel=\"noreferrer noopener\">Ville \u00c9ponge<\/a><\/p>\n\n<\/div>\r\n        \r\n    <\/div>\r\n\r\n\n\n\n<h2 class=\"wp-block-heading\">Notre solution<\/h2>\n\n\n\n<p class=\"wp-block-paragraph\">Nous aidons les petites villes et communes d\u2019agglom\u00e9ration \u00e0 pr\u00e9server les sols en bonne sant\u00e9, d\u00e9simperm\u00e9abiliser et recr\u00e9er des sols fonctionnels. Nous sensibilisons les acteur.trices cl\u00e9s, favorisons le transfert de connaissances et cr\u00e9ons des synergies en constituant un r\u00e9seau d\u2019expert.es. Avec le R\u00e9seau Ville \u00c9ponge, nous d\u00e9veloppons une base de donn\u00e9es simple d\u2019utilisation pour choisir rapidement des substrats adapt\u00e9s \u00e0 chaque projet de d\u00e9simperm\u00e9abilisation, selon l\u2019usage, le site et les contraintes. Nous apportons \u00e9galement notre expertise \u00ab&nbsp;sols&nbsp;\u00bb dans les outils d\u00e9velopp\u00e9s par nos partenaires.&nbsp;<\/p>\n\n\n\n<h2 class=\"wp-block-heading\">Objectifs du projet :<\/h2>\n\n\n\n<p class=\"wp-block-paragraph\">Permettre aux petites villes et communes d\u2019agglom\u00e9ration disposant de peu de ressources de pr\u00e9server, d\u00e9simperm\u00e9abiliser et restaurer leurs sols.<\/p>\n\n\n    <div id=\"image-grid-block_a5368cd89d24761481e0864f43f87dc3\" class=\"gallery-grid has-spacing--default\">\r\n                    <figure class=\"gallery-grid__image fade-left\">\r\n                <img loading=\"lazy\" decoding=\"async\" width=\"495\" height=\"536\" src=\"https:\/\/durabilitas.ch\/wp-content\/uploads\/2025\/08\/Sensibilisieren-495x536.jpg\" class=\"attachment-teaser-cover--horizontal size-teaser-cover--horizontal\" alt=\"\" style=\"object-position: 50% 50%;\" \/><figcaption class=\"gallery-grid__image__caption\">Sensibilisation\u00a0: les acteur.trices cl\u00e9s connaissent la valeur des sols intacts et perm\u00e9ables et savent comment les pr\u00e9server ou recr\u00e9er leurs fonctions.<\/figcaption>            <\/figure>\r\n                        <figure class=\"gallery-grid__image fade-right\">\r\n                <img loading=\"lazy\" decoding=\"async\" width=\"495\" height=\"314\" src=\"https:\/\/durabilitas.ch\/wp-content\/uploads\/2025\/08\/Tools-495x314.jpeg\" class=\"attachment-gallery-image--landscape size-gallery-image--landscape\" alt=\"\" style=\"object-position: 50% 50%;\" \/><figcaption class=\"gallery-grid__image__caption\">Outils : les communes disposent d\u2019outils, notamment d\u2019une base de donn\u00e9es pour la cr\u00e9ation de substrats fonctionels.<\/figcaption>            <\/figure>\r\n                <\/div>\r\n\n\n\r\n    <aside id=\"info-list-block_ec1cf95e613d10091c1f4b562522329f\" class=\"info-list-block has-spacing--default has-color-blue-light\">\r\n\r\n     \r\n            <p class=\"info-list__headline\">\r\n                 Informations compl\u00e9mentaires\u00a0:            <\/p>\r\n    \r\n        <div class=\"info-list\">\r\n\r\n            \r\n                <div class=\"info-list__item\">\r\n\r\n                     \r\n\r\n                            <a href=\"https:\/\/qualite-sols.ch\" \r\n                            class=\"link-extern\" \r\n                            target=\"_blank\">\r\n                        \r\n                        \r\n\r\n\r\n                        <h5 class=\"info-list__item__title\">\r\n                            Plus d&rsquo;informations sur la qualit\u00e9 des sols                         <\/h5>\r\n\r\n\r\n\r\n                                            <span class=\"info-list-icon\"><\/span>\r\n                        <\/a>\r\n                    \r\n\r\n                <\/div><!-- .info-list__item -->\r\n\r\n            \r\n                <div class=\"info-list__item\">\r\n\r\n                     \r\n\r\n                            <a href=\"https:\/\/www.bafu.admin.ch\/bafu\/fr\/home\/themes\/sol\/publications-etudes\/publications\/strategie-sol-suisse.html\" \r\n                            class=\"link-extern\" \r\n                            target=\"_blank\">\r\n                        \r\n                        \r\n\r\n\r\n                        <h5 class=\"info-list__item__title\">\r\n                            Vers la Strat\u00e9gie Sol Suisse                        <\/h5>\r\n\r\n\r\n\r\n                                            <span class=\"info-list-icon\"><\/span>\r\n                        <\/a>\r\n                    \r\n\r\n                <\/div><!-- .info-list__item -->\r\n\r\n            \r\n                <div class=\"info-list__item\">\r\n\r\n                     \r\n\r\n                            <a href=\"https:\/\/ville-eponge.info\" \r\n                            class=\"link-extern\" \r\n                            target=\"_blank\">\r\n                        \r\n                        \r\n\r\n\r\n                        <h5 class=\"info-list__item__title\">\r\n                            Plus d&rsquo;informations sur la ville \u00e9ponge                         <\/h5>\r\n\r\n\r\n\r\n                                            <span class=\"info-list-icon\"><\/span>\r\n                        <\/a>\r\n                    \r\n\r\n                <\/div><!-- .info-list__item -->\r\n\r\n                    \r\n\r\n        <\/div><!-- .info-list -->\r\n\r\n\r\n    <\/aside>\r\n\r\n\n\n\r\n    <div id=\"teaser-sliderblock_6615e1ee955257fa642ca119367d6872\" class=\"teaser-slider splide has-spacing--default\" role=\"group\" aria-label=\"Teaser-Slider\">\r\n\r\n                    <h4 class=\"news-block__headline wp-block-heading is-style--kicker\">\r\n                 Actualit\u00e9s            <\/h4>\r\n        \r\n        <div class=\"splide__navigation navi--top\">\r\n\r\n            <div class=\"splide__arrows\">\r\n\r\n                <button class=\"splide__arrow splide__arrow--prev image-slider__arrow splide__arrow--reverse\">\r\n                    <img decoding=\"async\" src=\"https:\/\/durabilitas.ch\/wp-content\/themes\/durabilitas-theme\/assets\/img\/icons\/icon-arrow-left.svg\" alt=\"Previous Slide\">\r\n                <\/button>\r\n\r\n                <button class=\"splide__arrow splide__arrow--next image-slider__arrow splide__arrow--reverse\">\r\n                    <img decoding=\"async\" src=\"https:\/\/durabilitas.ch\/wp-content\/themes\/durabilitas-theme\/assets\/img\/icons\/icon-arrow-left.svg\" alt=\"Next Slide\">\r\n                <\/button>\r\n            <\/div><!-- .splide__arrows -->\r\n\r\n        <\/div><!-- .splide__navigation --> \r\n\r\n        <div class=\"splide__track\">\r\n            <div class=\"splide__list\">\r\n\r\n                \r\n\r\n<article id=\"post-5800\" class=\"article-teaser splide__slide post-5800 post type-post status-publish format-standard has-post-thumbnail hentry category-analyse-fr category-sante-des-sols\">\r\n\r\n    <figure class=\"article-teaser__thumb\">\r\n        <a href=\"https:\/\/durabilitas.ch\/fr\/themes\/sante-des-sols\/premiere-etape-franchie\/\" rel=\"bookmark\">\r\n            <img loading=\"lazy\" decoding=\"async\" width=\"1000\" height=\"1333\" src=\"https:\/\/durabilitas.ch\/wp-content\/uploads\/2025\/11\/gesunde_boeden_lebendige_stadt.jpeg\" class=\"attachment-teaser-thumb size-teaser-thumb wp-post-image\" alt=\"\" srcset=\"https:\/\/durabilitas.ch\/wp-content\/uploads\/2025\/11\/gesunde_boeden_lebendige_stadt.jpeg 1000w, https:\/\/durabilitas.ch\/wp-content\/uploads\/2025\/11\/gesunde_boeden_lebendige_stadt-225x300.jpeg 225w, https:\/\/durabilitas.ch\/wp-content\/uploads\/2025\/11\/gesunde_boeden_lebendige_stadt-768x1024.jpeg 768w, https:\/\/durabilitas.ch\/wp-content\/uploads\/2025\/11\/gesunde_boeden_lebendige_stadt-470x627.jpeg 470w\" sizes=\"auto, (max-width: 1000px) 100vw, 1000px\" \/>        <\/a>\r\n    <\/figure>\r\n\r\n    <div class=\"article-teaser__content\">\r\n\r\n        <h2 class=\"article-teaser__heading\">\r\n            <a href=\"https:\/\/durabilitas.ch\/fr\/themes\/sante-des-sols\/premiere-etape-franchie\/\" rel=\"bookmark\">Premi\u00e8re \u00e9tape franchie<\/a>\r\n        <\/h2>\r\n\r\n        <div class=\"article-teaser__meta\">\r\n            <p class=\"post_cats\"><a href=\"https:\/\/durabilitas.ch\/fr\/category\/themes\/sante-des-sols\/\">Sant\u00e9 des sols<\/a><\/p>        <\/div><!-- article-teaser__meta -->        \r\n\r\n    <\/div><!-- article-teaser__content -->\r\n\r\n<\/article><!-- article-teaser -->    \r\n\r\n<article id=\"post-5323\" class=\"article-teaser splide__slide post-5323 post type-post status-publish format-standard has-post-thumbnail hentry category-analyse-fr category-transfert-de-connaissances category-sante-des-sols\">\r\n\r\n    <figure class=\"article-teaser__thumb\">\r\n        <a href=\"https:\/\/durabilitas.ch\/fr\/themes\/sante-des-sols\/lancement-du-projet-villes-et-sols-vivants\/\" rel=\"bookmark\">\r\n            <img loading=\"lazy\" decoding=\"async\" width=\"2127\" height=\"1409\" src=\"https:\/\/durabilitas.ch\/wp-content\/uploads\/2025\/08\/iStock-1157970665.jpg\" class=\"attachment-teaser-thumb size-teaser-thumb wp-post-image\" alt=\"\" srcset=\"https:\/\/durabilitas.ch\/wp-content\/uploads\/2025\/08\/iStock-1157970665.jpg 2127w, https:\/\/durabilitas.ch\/wp-content\/uploads\/2025\/08\/iStock-1157970665-300x199.jpg 300w, https:\/\/durabilitas.ch\/wp-content\/uploads\/2025\/08\/iStock-1157970665-1024x678.jpg 1024w, https:\/\/durabilitas.ch\/wp-content\/uploads\/2025\/08\/iStock-1157970665-768x509.jpg 768w, https:\/\/durabilitas.ch\/wp-content\/uploads\/2025\/08\/iStock-1157970665-1536x1018.jpg 1536w, https:\/\/durabilitas.ch\/wp-content\/uploads\/2025\/08\/iStock-1157970665-2048x1357.jpg 2048w, https:\/\/durabilitas.ch\/wp-content\/uploads\/2025\/08\/iStock-1157970665-1070x709.jpg 1070w, https:\/\/durabilitas.ch\/wp-content\/uploads\/2025\/08\/iStock-1157970665-470x311.jpg 470w, https:\/\/durabilitas.ch\/wp-content\/uploads\/2025\/08\/iStock-1157970665-1360x901.jpg 1360w\" sizes=\"auto, (max-width: 2127px) 100vw, 2127px\" \/>        <\/a>\r\n    <\/figure>\r\n\r\n    <div class=\"article-teaser__content\">\r\n\r\n        <h2 class=\"article-teaser__heading\">\r\n            <a href=\"https:\/\/durabilitas.ch\/fr\/themes\/sante-des-sols\/lancement-du-projet-villes-et-sols-vivants\/\" rel=\"bookmark\">Lancement du projet : Villes et Sols vivants\u00a0<\/a>\r\n        <\/h2>\r\n\r\n        <div class=\"article-teaser__meta\">\r\n            <p class=\"post_cats\"><a href=\"https:\/\/durabilitas.ch\/fr\/category\/themes\/sante-des-sols\/\">Sant\u00e9 des sols<\/a><\/p>        <\/div><!-- article-teaser__meta -->        \r\n\r\n    <\/div><!-- article-teaser__content -->\r\n\r\n<\/article><!-- article-teaser -->    \r\n\r\n<article id=\"post-6480\" class=\"article-teaser splide__slide post-6480 post type-post status-publish format-standard has-post-thumbnail hentry category-sante-des-sols category-publications category-dialogue\">\r\n\r\n    <figure class=\"article-teaser__thumb\">\r\n        <a href=\"https:\/\/durabilitas.ch\/fr\/themes\/sante-des-sols\/nouveau_partenariat_avec__redonner_vie_\/\" rel=\"bookmark\">\r\n            <img loading=\"lazy\" decoding=\"async\" width=\"2560\" height=\"2303\" src=\"https:\/\/durabilitas.ch\/wp-content\/uploads\/2026\/02\/Logo-Redonner-vie-\u2013-avec-plus-de-nature-scaled.png\" class=\"attachment-teaser-thumb size-teaser-thumb wp-post-image\" alt=\"\" srcset=\"https:\/\/durabilitas.ch\/wp-content\/uploads\/2026\/02\/Logo-Redonner-vie-\u2013-avec-plus-de-nature-scaled.png 2560w, https:\/\/durabilitas.ch\/wp-content\/uploads\/2026\/02\/Logo-Redonner-vie-\u2013-avec-plus-de-nature-300x270.png 300w, https:\/\/durabilitas.ch\/wp-content\/uploads\/2026\/02\/Logo-Redonner-vie-\u2013-avec-plus-de-nature-1024x921.png 1024w, https:\/\/durabilitas.ch\/wp-content\/uploads\/2026\/02\/Logo-Redonner-vie-\u2013-avec-plus-de-nature-768x691.png 768w, https:\/\/durabilitas.ch\/wp-content\/uploads\/2026\/02\/Logo-Redonner-vie-\u2013-avec-plus-de-nature-1536x1382.png 1536w, https:\/\/durabilitas.ch\/wp-content\/uploads\/2026\/02\/Logo-Redonner-vie-\u2013-avec-plus-de-nature-2048x1843.png 2048w, https:\/\/durabilitas.ch\/wp-content\/uploads\/2026\/02\/Logo-Redonner-vie-\u2013-avec-plus-de-nature-1070x963.png 1070w, https:\/\/durabilitas.ch\/wp-content\/uploads\/2026\/02\/Logo-Redonner-vie-\u2013-avec-plus-de-nature-470x423.png 470w, https:\/\/durabilitas.ch\/wp-content\/uploads\/2026\/02\/Logo-Redonner-vie-\u2013-avec-plus-de-nature-1360x1224.png 1360w\" sizes=\"auto, (max-width: 2560px) 100vw, 2560px\" \/>        <\/a>\r\n    <\/figure>\r\n\r\n    <div class=\"article-teaser__content\">\r\n\r\n        <h2 class=\"article-teaser__heading\">\r\n            <a href=\"https:\/\/durabilitas.ch\/fr\/themes\/sante-des-sols\/nouveau_partenariat_avec__redonner_vie_\/\" rel=\"bookmark\">Nouveau partenariat avec \u00ab Redonner vie \u00bb<\/a>\r\n        <\/h2>\r\n\r\n        <div class=\"article-teaser__meta\">\r\n            <p class=\"post_cats\"><a href=\"https:\/\/durabilitas.ch\/fr\/category\/themes\/sante-des-sols\/\">Sant\u00e9 des sols<\/a><\/p>        <\/div><!-- article-teaser__meta -->        \r\n\r\n    <\/div><!-- article-teaser__content -->\r\n\r\n<\/article><!-- article-teaser -->    \r\n            <\/div><!-- .splide__list -->\r\n        <\/div><!-- .splide__track -->\r\n\r\n    <\/div>\r\n\r\n\n\n\r\n<div id=\"testimonial-slider-block_8cfc70adecb11a0eb90f4481df08db83\" class=\"testimonial-slider splide has-spacing--default\" role=\"group\" aria-label=\"Testimonial-Slider\">\r\n\r\n     \r\n        <h3 class=\"wp-block-heading is-style--kicker\">Ce que disent nos partenaires<\/h3>\r\n    \r\n    <div class=\"splide__navigation navi--top\">\r\n\r\n        <div class=\"splide__arrows\">\r\n\r\n            <button class=\"splide__arrow splide__arrow--prev image-slider__arrow splide__arrow--reverse\">\r\n                <img decoding=\"async\" src=\"https:\/\/durabilitas.ch\/wp-content\/themes\/durabilitas-theme\/assets\/img\/icons\/icon-arrow-left.svg\" alt=\"Previous Slide\">\r\n            <\/button>\r\n\r\n            <button class=\"splide__arrow splide__arrow--next image-slider__arrow splide__arrow--reverse\">\r\n                <img decoding=\"async\" src=\"https:\/\/durabilitas.ch\/wp-content\/themes\/durabilitas-theme\/assets\/img\/icons\/icon-arrow-left.svg\" alt=\"Next Slide\">\r\n            <\/button>\r\n        <\/div><!-- .splide__arrows -->\r\n\r\n    <\/div><!-- .splide__navigation -->  \r\n\r\n    <div class=\"splide__track\">\r\n        <div class=\"splide__list\">\r\n\r\n            \r\n                <div class=\"testimonial-slide splide__slide\">\r\n\r\n                    \r\n                        <figure class=\"testimonial-slide__image\">\r\n                            <img loading=\"lazy\" decoding=\"async\" width=\"430\" height=\"430\" src=\"https:\/\/durabilitas.ch\/wp-content\/uploads\/2025\/08\/oppliger_silvia-430x430.jpg\" class=\"attachment-testimonial-slider-image size-testimonial-slider-image\" alt=\"\" srcset=\"https:\/\/durabilitas.ch\/wp-content\/uploads\/2025\/08\/oppliger_silvia-430x430.jpg 430w, https:\/\/durabilitas.ch\/wp-content\/uploads\/2025\/08\/oppliger_silvia-300x300.jpg 300w, https:\/\/durabilitas.ch\/wp-content\/uploads\/2025\/08\/oppliger_silvia-150x150.jpg 150w, https:\/\/durabilitas.ch\/wp-content\/uploads\/2025\/08\/oppliger_silvia-470x470.jpg 470w, https:\/\/durabilitas.ch\/wp-content\/uploads\/2025\/08\/oppliger_silvia.jpg 500w\" sizes=\"auto, (max-width: 430px) 100vw, 430px\" \/>                        <\/figure>\r\n\r\n                    \r\n                    <div class=\"testimonial-slide__content\">\r\n                        \r\n                        <blockquote>\r\n                            <p class=\"testimonial-slide__quote\">\r\n                                \u00ab\u00a0Les sols sont les \u00e9ponges de nos villes. Avec son expertise, Durabilitas renforce notre vision de villes r\u00e9silientes face aux changements climatiques.\u00a0\u00bb                            <\/p>\r\n                            <cite>Silvia Oppliger, R\u00e9seau Ville \u00e9ponge (VSA)<\/cite>\r\n                        <\/blockquote>\r\n\r\n                    <\/div>\r\n\r\n                <\/div><!-- .testimonial-slide -->\r\n\r\n            \r\n        <\/div><!-- .splide__list -->\r\n    <\/div><!-- .splide__track -->\r\n\r\n  \r\n\r\n<\/div><!-- .testimonial-slider -->\r\n\r\n\n\n\n<h2 class=\"wp-block-heading\">Le projet en faits &amp; en chiffres :<\/h2>\n\n\n\n<figure class=\"wp-block-table\"><div class=\"table-block-wrapper\"><table class=\"has-fixed-layout\"><tbody><tr><td><strong><strong>Partenaire<\/strong><br><\/strong>VSA (Association suisse des sp\u00e9cialistes de l\u2019eau) et autres<\/td><td><strong>Partenaire de communication<\/strong><br>Redonner Vie<\/td><\/tr><tr><td><strong><strong>P\u00e9riode<\/strong><br><\/strong>2025 \u2013 2028<\/td><td><strong>Activit\u00e9s<\/strong><br>Analyse, transfert de connaissances<\/td><\/tr><\/tbody><\/table><\/div><\/figure>\n\n\n\r\n<div id=\"logo-block_2e5eacc28505f24cc187329202c84f9e\" class=\"logo-slider splide fade-up has-spacing--default\" role=\"group\" aria-label=\"Logo-Slider\">\r\n\r\n    <div class=\"splide__track\">\r\n        <div class=\"splide__list\">\r\n\r\n                   \r\n\r\n                    <figure class=\"Logo-slide splide__slide\">\r\n\r\n                        \r\n                            <img loading=\"lazy\" decoding=\"async\" width=\"600\" height=\"77\" src=\"https:\/\/durabilitas.ch\/wp-content\/uploads\/2025\/08\/Infoplattform-Schwammstadt.png\" class=\"attachment-full size-full\" alt=\"\" srcset=\"https:\/\/durabilitas.ch\/wp-content\/uploads\/2025\/08\/Infoplattform-Schwammstadt.png 600w, https:\/\/durabilitas.ch\/wp-content\/uploads\/2025\/08\/Infoplattform-Schwammstadt-300x39.png 300w, https:\/\/durabilitas.ch\/wp-content\/uploads\/2025\/08\/Infoplattform-Schwammstadt-470x60.png 470w\" sizes=\"auto, (max-width: 600px) 100vw, 600px\" \/>\r\n                          \r\n\r\n                    <\/figure>\r\n\r\n                       \r\n\r\n                    <figure class=\"Logo-slide splide__slide\">\r\n\r\n                        \r\n                            <img loading=\"lazy\" decoding=\"async\" width=\"2560\" height=\"1684\" src=\"https:\/\/durabilitas.ch\/wp-content\/uploads\/2025\/08\/vsa-startseite-scaled-1.jpg\" class=\"attachment-full size-full\" alt=\"\" srcset=\"https:\/\/durabilitas.ch\/wp-content\/uploads\/2025\/08\/vsa-startseite-scaled-1.jpg 2560w, https:\/\/durabilitas.ch\/wp-content\/uploads\/2025\/08\/vsa-startseite-scaled-1-300x197.jpg 300w, https:\/\/durabilitas.ch\/wp-content\/uploads\/2025\/08\/vsa-startseite-scaled-1-1024x674.jpg 1024w, https:\/\/durabilitas.ch\/wp-content\/uploads\/2025\/08\/vsa-startseite-scaled-1-768x505.jpg 768w, https:\/\/durabilitas.ch\/wp-content\/uploads\/2025\/08\/vsa-startseite-scaled-1-1536x1010.jpg 1536w, https:\/\/durabilitas.ch\/wp-content\/uploads\/2025\/08\/vsa-startseite-scaled-1-2048x1347.jpg 2048w, https:\/\/durabilitas.ch\/wp-content\/uploads\/2025\/08\/vsa-startseite-scaled-1-1070x704.jpg 1070w, https:\/\/durabilitas.ch\/wp-content\/uploads\/2025\/08\/vsa-startseite-scaled-1-470x309.jpg 470w, https:\/\/durabilitas.ch\/wp-content\/uploads\/2025\/08\/vsa-startseite-scaled-1-1360x895.jpg 1360w\" sizes=\"auto, (max-width: 2560px) 100vw, 2560px\" \/>\r\n                          \r\n\r\n                    <\/figure>\r\n\r\n                       \r\n\r\n                    <figure class=\"Logo-slide splide__slide\">\r\n\r\n                                                    <a href=\"https:\/\/www.redonner-vie.ch\" target=\"_blank\">\r\n                        \r\n                            <img loading=\"lazy\" decoding=\"async\" width=\"2560\" height=\"2222\" src=\"https:\/\/durabilitas.ch\/wp-content\/uploads\/2025\/08\/Logo-Aufleben-\u2013-mit-mehr-Natur-scaled.png\" class=\"attachment-full size-full\" alt=\"\" srcset=\"https:\/\/durabilitas.ch\/wp-content\/uploads\/2025\/08\/Logo-Aufleben-\u2013-mit-mehr-Natur-scaled.png 2560w, https:\/\/durabilitas.ch\/wp-content\/uploads\/2025\/08\/Logo-Aufleben-\u2013-mit-mehr-Natur-300x260.png 300w, https:\/\/durabilitas.ch\/wp-content\/uploads\/2025\/08\/Logo-Aufleben-\u2013-mit-mehr-Natur-1024x889.png 1024w, https:\/\/durabilitas.ch\/wp-content\/uploads\/2025\/08\/Logo-Aufleben-\u2013-mit-mehr-Natur-768x667.png 768w, https:\/\/durabilitas.ch\/wp-content\/uploads\/2025\/08\/Logo-Aufleben-\u2013-mit-mehr-Natur-1536x1333.png 1536w, https:\/\/durabilitas.ch\/wp-content\/uploads\/2025\/08\/Logo-Aufleben-\u2013-mit-mehr-Natur-2048x1778.png 2048w, https:\/\/durabilitas.ch\/wp-content\/uploads\/2025\/08\/Logo-Aufleben-\u2013-mit-mehr-Natur-1070x929.png 1070w, https:\/\/durabilitas.ch\/wp-content\/uploads\/2025\/08\/Logo-Aufleben-\u2013-mit-mehr-Natur-470x408.png 470w, https:\/\/durabilitas.ch\/wp-content\/uploads\/2025\/08\/Logo-Aufleben-\u2013-mit-mehr-Natur-1360x1180.png 1360w\" sizes=\"auto, (max-width: 2560px) 100vw, 2560px\" \/>\r\n                                                    <\/a>    \r\n                          \r\n\r\n                    <\/figure>\r\n\r\n                \r\n        <\/div><!-- .splide__list -->\r\n    <\/div><!-- .splide__track -->\r\n\r\n    <div class=\"splide__navigation\">\r\n\r\n        <div class=\"splide__arrows\">\r\n\r\n            <button class=\"splide__arrow splide__arrow--prev image-slider__arrow splide__arrow--reverse\">\r\n                <svg xmlns=\"http:\/\/www.w3.org\/2000\/svg\" width=\"64.613\" height=\"16.268\" viewBox=\"0 0 64.613 16.268\">\r\n                    <g id=\"Gruppe_7839\" data-name=\"Gruppe 7839\" transform=\"translate(-563.5 -1588.198)\">\r\n                        <line id=\"Linie_372\" data-name=\"Linie 372\" y2=\"60.767\" transform=\"translate(565 1596.162) rotate(-90)\" fill=\"none\" stroke=\"#000000\" stroke-linecap=\"round\" stroke-width=\"3\"\/>\r\n                        <path id=\"Pfad_36165\" data-name=\"Pfad 36165\" d=\"M-15746.039-20476.533l6.207,4.605,5.855-4.605\" transform=\"translate(21098.154 -14143.672) rotate(-90)\" fill=\"none\" stroke=\"#000000\" stroke-linecap=\"round\" stroke-width=\"3\"\/>\r\n                    <\/g>\r\n                <\/svg>\r\n            <\/button>\r\n\r\n            <button class=\"splide__arrow splide__arrow--next image-slider__arrow splide__arrow--reverse\">\r\n                <svg xmlns=\"http:\/\/www.w3.org\/2000\/svg\" width=\"64.613\" height=\"16.268\" viewBox=\"0 0 64.613 16.268\">\r\n                    <g id=\"Gruppe_7839\" data-name=\"Gruppe 7839\" transform=\"translate(-563.5 -1588.198)\">\r\n                        <line id=\"Linie_372\" data-name=\"Linie 372\" y2=\"60.767\" transform=\"translate(565 1596.162) rotate(-90)\" fill=\"none\" stroke=\"#000000\" stroke-linecap=\"round\" stroke-width=\"3\"\/>\r\n                        <path id=\"Pfad_36165\" data-name=\"Pfad 36165\" d=\"M-15746.039-20476.533l6.207,4.605,5.855-4.605\" transform=\"translate(21098.154 -14143.672) rotate(-90)\" fill=\"none\" stroke=\"#000000\" stroke-linecap=\"round\" stroke-width=\"3\"\/>\r\n                    <\/g>\r\n                <\/svg>\r\n            <\/button>\r\n        <\/div><!-- .splide__arrows -->\r\n\r\n    <\/div><!-- .splide__navigation -->     \r\n\r\n<\/div><!-- .gallery-slider -->\r\n\r\n\n\n\r\n<div class=\"teaser-abschnitt has-spacing--default has-color-blue-light\">\r\n    <div class=\"acf-innerblocks-container\">\n\n<h2 class=\"wp-block-heading is-style--kicker\">Int\u00e9ress\u00e9\u00b7e ?<\/h2>\n\n\n\n<p class=\"teaser-abschnitt__text\">Vous souhaitez nous soutenir ou nous partager des bons exemples de pr\u00e9servation des sols ? Contactez-nous !<\/p>\n\n<\/div>\r\n    \r\n<\/div>\n\n\n<p class=\"wp-block-paragraph\"><strong>Int\u00e9ress\u00e9\u00b7e ?<\/strong><\/p>\n","protected":false},"excerpt":{"rendered":"<p>Des sols en bonne sant\u00e9 prot\u00e8gent les zones urbaines des risques naturels et contribuent \u00e0 &#8230;<\/p>\n","protected":false},"featured_media":5268,"template":"","projektkategorien":[60,63,65],"class_list":["post-5299","projekte","type-projekte","status-publish","has-post-thumbnail","hentry","project-categories-analyse-fr","project-categories-transfert-de-connaissances","project-categories-sante-des-sols"],"acf":[],"yoast_head":"<!-- This site is optimized with the Yoast SEO plugin v27.3 - https:\/\/yoast.com\/product\/yoast-seo-wordpress\/ -->\n<title>Villes et Sols vivants - Durabilitas<\/title>\n<meta name=\"description\" content=\"Pr\u00e9server les sols en bonne sant\u00e9 et les restaurer : d\u00e9couvrez comment petites villes et agglom\u00e9rations peuvent agir !\" \/>\n<meta name=\"robots\" content=\"index, follow, max-snippet:-1, max-image-preview:large, max-video-preview:-1\" \/>\n<link rel=\"canonical\" href=\"https:\/\/durabilitas.ch\/fr\/projets\/villes-et-sols-vivants\/\" \/>\n<meta property=\"og:locale\" content=\"fr_FR\" \/>\n<meta property=\"og:type\" content=\"article\" \/>\n<meta property=\"og:title\" content=\"Villes et Sols vivants - Durabilitas\" \/>\n<meta property=\"og:description\" content=\"Pr\u00e9server les sols en bonne sant\u00e9 et les restaurer : d\u00e9couvrez comment petites villes et agglom\u00e9rations peuvent agir !\" \/>\n<meta property=\"og:url\" content=\"https:\/\/durabilitas.ch\/fr\/projets\/villes-et-sols-vivants\/\" \/>\n<meta property=\"og:site_name\" content=\"Durabilitas\" \/>\n<meta property=\"article:modified_time\" content=\"2026-03-10T13:44:57+00:00\" \/>\n<meta property=\"og:image\" content=\"https:\/\/durabilitas.ch\/wp-content\/uploads\/2025\/08\/iStock-1157970665-1024x678.jpg\" \/>\n\t<meta property=\"og:image:width\" content=\"1024\" \/>\n\t<meta property=\"og:image:height\" content=\"678\" \/>\n\t<meta property=\"og:image:type\" content=\"image\/jpeg\" \/>\n<meta name=\"twitter:card\" content=\"summary_large_image\" \/>\n<script type=\"application\/ld+json\" class=\"yoast-schema-graph\">{\"@context\":\"https:\\\/\\\/schema.org\",\"@graph\":[{\"@type\":\"WebPage\",\"@id\":\"https:\\\/\\\/durabilitas.ch\\\/fr\\\/projets\\\/villes-et-sols-vivants\\\/\",\"url\":\"https:\\\/\\\/durabilitas.ch\\\/fr\\\/projets\\\/villes-et-sols-vivants\\\/\",\"name\":\"Villes et Sols vivants - Durabilitas\",\"isPartOf\":{\"@id\":\"https:\\\/\\\/durabilitas.ch\\\/fr\\\/#website\"},\"primaryImageOfPage\":{\"@id\":\"https:\\\/\\\/durabilitas.ch\\\/fr\\\/projets\\\/villes-et-sols-vivants\\\/#primaryimage\"},\"image\":{\"@id\":\"https:\\\/\\\/durabilitas.ch\\\/fr\\\/projets\\\/villes-et-sols-vivants\\\/#primaryimage\"},\"thumbnailUrl\":\"https:\\\/\\\/durabilitas.ch\\\/wp-content\\\/uploads\\\/2025\\\/08\\\/iStock-1157970665.jpg\",\"datePublished\":\"2025-08-25T15:46:19+00:00\",\"dateModified\":\"2026-03-10T13:44:57+00:00\",\"description\":\"Pr\u00e9server les sols en bonne sant\u00e9 et les restaurer : d\u00e9couvrez comment petites villes et agglom\u00e9rations peuvent agir !\",\"breadcrumb\":{\"@id\":\"https:\\\/\\\/durabilitas.ch\\\/fr\\\/projets\\\/villes-et-sols-vivants\\\/#breadcrumb\"},\"inLanguage\":\"fr-FR\",\"potentialAction\":[{\"@type\":\"ReadAction\",\"target\":[\"https:\\\/\\\/durabilitas.ch\\\/fr\\\/projets\\\/villes-et-sols-vivants\\\/\"]}]},{\"@type\":\"ImageObject\",\"inLanguage\":\"fr-FR\",\"@id\":\"https:\\\/\\\/durabilitas.ch\\\/fr\\\/projets\\\/villes-et-sols-vivants\\\/#primaryimage\",\"url\":\"https:\\\/\\\/durabilitas.ch\\\/wp-content\\\/uploads\\\/2025\\\/08\\\/iStock-1157970665.jpg\",\"contentUrl\":\"https:\\\/\\\/durabilitas.ch\\\/wp-content\\\/uploads\\\/2025\\\/08\\\/iStock-1157970665.jpg\",\"width\":2127,\"height\":1409},{\"@type\":\"BreadcrumbList\",\"@id\":\"https:\\\/\\\/durabilitas.ch\\\/fr\\\/projets\\\/villes-et-sols-vivants\\\/#breadcrumb\",\"itemListElement\":[{\"@type\":\"ListItem\",\"position\":1,\"name\":\"Home\",\"item\":\"https:\\\/\\\/durabilitas.ch\\\/fr\\\/\"},{\"@type\":\"ListItem\",\"position\":2,\"name\":\"Projekte\",\"item\":\"https:\\\/\\\/durabilitas.ch\\\/fr\\\/projets\\\/\"},{\"@type\":\"ListItem\",\"position\":3,\"name\":\"Villes et Sols vivants\"}]},{\"@type\":\"WebSite\",\"@id\":\"https:\\\/\\\/durabilitas.ch\\\/fr\\\/#website\",\"url\":\"https:\\\/\\\/durabilitas.ch\\\/fr\\\/\",\"name\":\"Durabilitas\",\"description\":\"\",\"potentialAction\":[{\"@type\":\"SearchAction\",\"target\":{\"@type\":\"EntryPoint\",\"urlTemplate\":\"https:\\\/\\\/durabilitas.ch\\\/fr\\\/?s={search_term_string}\"},\"query-input\":{\"@type\":\"PropertyValueSpecification\",\"valueRequired\":true,\"valueName\":\"search_term_string\"}}],\"inLanguage\":\"fr-FR\"}]}<\/script>\n<!-- \/ Yoast SEO plugin. -->","yoast_head_json":{"title":"Villes et Sols vivants - Durabilitas","description":"Pr\u00e9server les sols en bonne sant\u00e9 et les restaurer : d\u00e9couvrez comment petites villes et agglom\u00e9rations peuvent agir !","robots":{"index":"index","follow":"follow","max-snippet":"max-snippet:-1","max-image-preview":"max-image-preview:large","max-video-preview":"max-video-preview:-1"},"canonical":"https:\/\/durabilitas.ch\/fr\/projets\/villes-et-sols-vivants\/","og_locale":"fr_FR","og_type":"article","og_title":"Villes et Sols vivants - Durabilitas","og_description":"Pr\u00e9server les sols en bonne sant\u00e9 et les restaurer : d\u00e9couvrez comment petites villes et agglom\u00e9rations peuvent agir !","og_url":"https:\/\/durabilitas.ch\/fr\/projets\/villes-et-sols-vivants\/","og_site_name":"Durabilitas","article_modified_time":"2026-03-10T13:44:57+00:00","og_image":[{"width":1024,"height":678,"url":"https:\/\/durabilitas.ch\/wp-content\/uploads\/2025\/08\/iStock-1157970665-1024x678.jpg","type":"image\/jpeg"}],"twitter_card":"summary_large_image","schema":{"@context":"https:\/\/schema.org","@graph":[{"@type":"WebPage","@id":"https:\/\/durabilitas.ch\/fr\/projets\/villes-et-sols-vivants\/","url":"https:\/\/durabilitas.ch\/fr\/projets\/villes-et-sols-vivants\/","name":"Villes et Sols vivants - Durabilitas","isPartOf":{"@id":"https:\/\/durabilitas.ch\/fr\/#website"},"primaryImageOfPage":{"@id":"https:\/\/durabilitas.ch\/fr\/projets\/villes-et-sols-vivants\/#primaryimage"},"image":{"@id":"https:\/\/durabilitas.ch\/fr\/projets\/villes-et-sols-vivants\/#primaryimage"},"thumbnailUrl":"https:\/\/durabilitas.ch\/wp-content\/uploads\/2025\/08\/iStock-1157970665.jpg","datePublished":"2025-08-25T15:46:19+00:00","dateModified":"2026-03-10T13:44:57+00:00","description":"Pr\u00e9server les sols en bonne sant\u00e9 et les restaurer : d\u00e9couvrez comment petites villes et agglom\u00e9rations peuvent agir !","breadcrumb":{"@id":"https:\/\/durabilitas.ch\/fr\/projets\/villes-et-sols-vivants\/#breadcrumb"},"inLanguage":"fr-FR","potentialAction":[{"@type":"ReadAction","target":["https:\/\/durabilitas.ch\/fr\/projets\/villes-et-sols-vivants\/"]}]},{"@type":"ImageObject","inLanguage":"fr-FR","@id":"https:\/\/durabilitas.ch\/fr\/projets\/villes-et-sols-vivants\/#primaryimage","url":"https:\/\/durabilitas.ch\/wp-content\/uploads\/2025\/08\/iStock-1157970665.jpg","contentUrl":"https:\/\/durabilitas.ch\/wp-content\/uploads\/2025\/08\/iStock-1157970665.jpg","width":2127,"height":1409},{"@type":"BreadcrumbList","@id":"https:\/\/durabilitas.ch\/fr\/projets\/villes-et-sols-vivants\/#breadcrumb","itemListElement":[{"@type":"ListItem","position":1,"name":"Home","item":"https:\/\/durabilitas.ch\/fr\/"},{"@type":"ListItem","position":2,"name":"Projekte","item":"https:\/\/durabilitas.ch\/fr\/projets\/"},{"@type":"ListItem","position":3,"name":"Villes et Sols vivants"}]},{"@type":"WebSite","@id":"https:\/\/durabilitas.ch\/fr\/#website","url":"https:\/\/durabilitas.ch\/fr\/","name":"Durabilitas","description":"","potentialAction":[{"@type":"SearchAction","target":{"@type":"EntryPoint","urlTemplate":"https:\/\/durabilitas.ch\/fr\/?s={search_term_string}"},"query-input":{"@type":"PropertyValueSpecification","valueRequired":true,"valueName":"search_term_string"}}],"inLanguage":"fr-FR"}]}},"_links":{"self":[{"href":"https:\/\/durabilitas.ch\/fr\/wp-json\/wp\/v2\/projekte\/5299","targetHints":{"allow":["GET"]}}],"collection":[{"href":"https:\/\/durabilitas.ch\/fr\/wp-json\/wp\/v2\/projekte"}],"about":[{"href":"https:\/\/durabilitas.ch\/fr\/wp-json\/wp\/v2\/types\/projekte"}],"version-history":[{"count":11,"href":"https:\/\/durabilitas.ch\/fr\/wp-json\/wp\/v2\/projekte\/5299\/revisions"}],"predecessor-version":[{"id":6482,"href":"https:\/\/durabilitas.ch\/fr\/wp-json\/wp\/v2\/projekte\/5299\/revisions\/6482"}],"wp:featuredmedia":[{"embeddable":true,"href":"https:\/\/durabilitas.ch\/fr\/wp-json\/wp\/v2\/media\/5268"}],"wp:attachment":[{"href":"https:\/\/durabilitas.ch\/fr\/wp-json\/wp\/v2\/media?parent=5299"}],"wp:term":[{"taxonomy":"project-categories","embeddable":true,"href":"https:\/\/durabilitas.ch\/fr\/wp-json\/wp\/v2\/projektkategorien?post=5299"}],"curies":[{"name":"wp","href":"https:\/\/api.w.org\/{rel}","templated":true}]}}