{"id":2595,"date":"2025-02-21T09:04:56","date_gmt":"2025-02-21T09:04:56","guid":{"rendered":"https:\/\/durabilitas.ch\/a-propos-de-nous\/durabilitas-kontakt\/"},"modified":"2025-04-30T20:20:10","modified_gmt":"2025-04-30T20:20:10","slug":"contact","status":"publish","type":"page","link":"https:\/\/durabilitas.ch\/fr\/a-propos-de-nous\/contact\/","title":{"rendered":"Contact"},"content":{"rendered":"\r\n<header id=\"header-block_0395b35d7e9913636ec338c13d2c5890\" class=\"page-header has-no-image has-spacing--default\">\r\n\r\n    \r\n    <div class=\"page-header__content has-no-image\">\r\n\r\n        <div class=\"page-header__inner\">\r\n\r\n            <div class=\"page-header__title\">\n\n<h1 class=\"wp-block-heading is-style--kicker\">\u00c0 propos de nous<\/h1>\n\n\n\n<h2 class=\"wp-block-heading\">Contact<\/h2>\n\n\n\n<p class=\"page-header__text\">Vous avez des questions sur nos projets&nbsp;? Vous souhaitez en savoir plus sur nos domaines d\u2019activit\u00e9, mener un projet avec nous ou nous soutenir&nbsp;? N\u2019h\u00e9sitez pas \u00e0 nous contacter&nbsp;!<\/p>\n\n<\/div>\r\n        <\/div>\r\n\r\n        \r\n        \r\n    <\/div><!-- .page-header__content -->\r\n\r\n\r\n    \r\n<\/header>\r\n\r\n\n\n\n<p class=\"wp-block-paragraph\">Les coordonn\u00e9es de nos sp\u00e9cialistes sont disponibles sur <a href=\"https:\/\/durabilitas.ch\/fr\/a-propos-de-nous\/equipe\/\" target=\"_blank\" rel=\"noreferrer noopener\">la page de notre \u00e9quipe<\/a>. Pour nous soutenir, vous pouvez compl\u00e9ter notre formulaire de don. Vous souhaitez vous tenir r\u00e9guli\u00e8rement inform\u00e9-es de nos activit\u00e9s et de l\u2019\u00e9volution dans les domaines de l\u2019\u00e9conomie circulaire, de la sant\u00e9 des sols, et de la transition juste en Suisse\u00a0? Suivez-nous sur <a href=\"https:\/\/ch.linkedin.com\/company\/sanu-durabilitas\" target=\"_blank\" rel=\"noreferrer noopener\">LinkedIn <\/a>et abonnez-vous \u00e0 notre <a href=\"https:\/\/durabilitas.ch\/fr\/s-abonner-a-la-newsletter\/\">newsletter<\/a>\u00a0! Nous ne sommes pas une fondation donatrice et n\u2019acceptons pas les demandes de financement. Pour en savoir plus sur notre mode de financement et notre histoire, rendez-vous <a href=\"https:\/\/durabilitas.ch\/fr\/a-propos-de-nous\/histoire-financement\/\">ici<\/a>.<\/p>\n\n\n\r\n<div id=\"contact-form-block_e139bee218867f3496feb1abe6bd2d20\" class=\"contact-form-block has-spacing--default\">\r\n\r\n    <div class=\"contact-form__form\">\r\n\r\n        <p class=\"contact-form__headline\">\r\n            Formulaire de contact            <span>Veuillez remplir les champs marqu\u00e9s d&rsquo;une *.<\/span>\r\n        <\/p>\r\n        \r\n        \n<div class=\"wpcf7 no-js\" id=\"wpcf7-f3206-o1\" lang=\"\" dir=\"ltr\" data-wpcf7-id=\"3206\">\n<div class=\"screen-reader-response\"><p role=\"status\" aria-live=\"polite\" aria-atomic=\"true\"><\/p> <ul><\/ul><\/div>\n<form action=\"\/fr\/wp-json\/wp\/v2\/pages\/2595#wpcf7-f3206-o1\" method=\"post\" class=\"wpcf7-form init wpcf7-acceptance-as-validation\" aria-label=\"Formulaire de contact\" novalidate=\"novalidate\" data-status=\"init\">\n<fieldset class=\"hidden-fields-container\"><input type=\"hidden\" name=\"_wpcf7\" value=\"3206\" \/><input type=\"hidden\" name=\"_wpcf7_version\" value=\"6.1.5\" \/><input type=\"hidden\" name=\"_wpcf7_locale\" value=\"\" \/><input type=\"hidden\" name=\"_wpcf7_unit_tag\" value=\"wpcf7-f3206-o1\" \/><input type=\"hidden\" name=\"_wpcf7_container_post\" value=\"0\" \/><input type=\"hidden\" name=\"_wpcf7_posted_data_hash\" value=\"\" \/><input type=\"hidden\" name=\"_wpcf7_recaptcha_response\" value=\"\" \/>\n<\/fieldset>\n<p><span class=\"wpcf7-form-control-wrap\" data-name=\"anrede\"><span class=\"wpcf7-form-control wpcf7-radio\"><span class=\"wpcf7-list-item first\"><label><input type=\"radio\" name=\"anrede\" value=\"Madame\" \/><span class=\"wpcf7-list-item-label\">Madame<\/span><\/label><\/span><span class=\"wpcf7-list-item\"><label><input type=\"radio\" name=\"anrede\" value=\"Monsieur\" \/><span class=\"wpcf7-list-item-label\">Monsieur<\/span><\/label><\/span><span class=\"wpcf7-list-item last\"><label><input type=\"radio\" name=\"anrede\" value=\"salutation neutre\" checked=\"checked\" \/><span class=\"wpcf7-list-item-label\">salutation neutre<\/span><\/label><\/span><\/span><\/span>\n<\/p>\n<div class=\"contact-form__field\">\n\t<p><span class=\"contact-form__field__inner\"><span class=\"wpcf7-form-control-wrap\" data-name=\"vorname\"><input size=\"40\" maxlength=\"400\" class=\"wpcf7-form-control wpcf7-text wpcf7-validates-as-required\" autocomplete=\"vorname\" aria-required=\"true\" aria-invalid=\"false\" value=\"\" type=\"text\" name=\"vorname\" \/><\/span><label for=\"vorname\">Pr\u00e9nom<span>*<\/span><\/label><\/span>\n\t<\/p>\n<\/div>\n<div class=\"contact-form__field\">\n\t<p><span class=\"contact-form__field__inner\"><span class=\"wpcf7-form-control-wrap\" data-name=\"nachname\"><input size=\"40\" maxlength=\"400\" class=\"wpcf7-form-control wpcf7-text wpcf7-validates-as-required\" autocomplete=\"nachname\" aria-required=\"true\" aria-invalid=\"false\" value=\"\" type=\"text\" name=\"nachname\" \/><\/span><label for=\"nachname\">Nom*<\/label><\/span>\n\t<\/p>\n<\/div>\n<div class=\"contact-form__field\">\n\t<p><span class=\"contact-form__field__inner\"><span class=\"wpcf7-form-control-wrap\" data-name=\"email\"><input size=\"40\" maxlength=\"400\" class=\"wpcf7-form-control wpcf7-email wpcf7-validates-as-required wpcf7-text wpcf7-validates-as-email\" autocomplete=\"e-mail\" aria-required=\"true\" aria-invalid=\"false\" value=\"\" type=\"email\" name=\"email\" \/><\/span><label for=\"email\">E-mail*<\/label><\/span>\n\t<\/p>\n<\/div>\n<div class=\"contact-form__field\">\n\t<p><span class=\"contact-form__field__inner\"><span class=\"wpcf7-form-control-wrap\" data-name=\"sprache\"><input size=\"40\" maxlength=\"400\" class=\"wpcf7-form-control wpcf7-text wpcf7-validates-as-required\" aria-required=\"true\" aria-invalid=\"false\" value=\"\" type=\"text\" name=\"sprache\" \/><\/span><label for=\"sprache\">Langue pr\u00e9f\u00e9r\u00e9e*<\/label><\/span>\n\t<\/p>\n<\/div>\n<div class=\"contact-form__field\">\n\t<p><span class=\"contact-form__field__inner\"><span class=\"wpcf7-form-control-wrap\" data-name=\"field-subject\"><input size=\"40\" maxlength=\"400\" class=\"wpcf7-form-control wpcf7-text wpcf7-validates-as-required\" aria-required=\"true\" aria-invalid=\"false\" value=\"\" type=\"text\" name=\"field-subject\" \/><\/span><label for=\"sprache\">Objet*<\/label><\/span>\n\t<\/p>\n<\/div>\n<div class=\"contact-form__field\">\n\t<p><span class=\"contact-form__field__inner textarea-field\"><span class=\"wpcf7-form-control-wrap\" data-name=\"message\"><textarea cols=\"40\" rows=\"10\" maxlength=\"2000\" class=\"wpcf7-form-control wpcf7-textarea wpcf7-validates-as-required\" aria-required=\"true\" aria-invalid=\"false\" name=\"message\"><\/textarea><\/span><label for=\"message\">Message*<\/label><\/span>\n\t<\/p>\n<\/div>\n<p><span class=\"wpcf7-form-control-wrap\" data-name=\"newsletter-submit\"><span class=\"wpcf7-form-control wpcf7-checkbox\"><span class=\"wpcf7-list-item first last\"><label><input type=\"checkbox\" name=\"newsletter-submit[]\" value=\"Je souhaite m&#039;abonner \u00e0 la newsletter.\" \/><span class=\"wpcf7-list-item-label\">Je souhaite m&#039;abonner \u00e0 la newsletter.<\/span><\/label><\/span><\/span><\/span>\n<\/p>\n<p><span class=\"wpcf7-form-control-wrap\" data-name=\"acceptance-privacy\"><span class=\"wpcf7-form-control wpcf7-acceptance\"><span class=\"wpcf7-list-item\"><label><input type=\"checkbox\" name=\"acceptance-privacy\" value=\"1\" aria-invalid=\"false\" \/><span class=\"wpcf7-list-item-label\"><span>J&rsquo;ai lu et j&rsquo;accepte <a href=\"#\">la d\u00e9claration de confidentialit\u00e9<\/a>.<\/span><\/span><\/label><\/span><\/span><\/span>\n<\/p>\n<p><input class=\"wpcf7-form-control wpcf7-submit has-spinner\" type=\"submit\" value=\"Envoyer\" \/>\n<\/p><div class=\"wpcf7-response-output\" aria-hidden=\"true\"><\/div>\n<\/form>\n<\/div>\n\r\n    <\/div><!-- .contact-form__form -->\r\n\r\n\r\n    <div class=\"contact-form__address\">\r\n\r\n        \r\n                <div class=\"site-footer__organisation\">\r\n\r\n                    <p class=\"site-info__organisation__title\">\r\n                        <span>durabilitas<\/span>\r\n                    <\/p>\r\n\r\n                    <p class=\"site-info__organisation__adresse\">\r\n                        <span>Rue du G\u00e9n\u00e9ral-Dufour 18<\/span>\r\n                        <span>2502 Biel\/Bienne<\/span>\r\n                    <\/p>\r\n\r\n                    <p class=\"site-info__organisation__contact\">\r\n                        <span>\r\n                            <a href=\"tel: +41 (0)33 533 22 14\">\r\n                                <img decoding=\"async\" src=\"https:\/\/durabilitas.ch\/wp-content\/themes\/durabilitas-theme\/assets\/img\/icons\/icon-phone-person.svg\" width=\"23\">\r\n                                +41 (0)33 533 22 14                            <\/a>\t\t\t\t\t\r\n                        <\/span>\r\n\r\n                        <span>\r\n                            <a href=\"mailto:info@durabilitas.ch\">\r\n                                <img decoding=\"async\" src=\"https:\/\/durabilitas.ch\/wp-content\/themes\/durabilitas-theme\/assets\/img\/icons\/icon-email.svg\" width=\"22\">\r\n                                info@durabilitas.ch                            <\/a>\t\t\t\t\t\r\n                        <\/span>\r\n                    <\/p>\r\n\r\n                <\/div><!-- .site-footer__organisation -->\r\n\r\n            \r\n    <\/div><!-- .contact-form__address -->\r\n\r\n<\/div>\r\n\n\n\n<p class=\"wp-block-paragraph\"><a href=\"https:\/\/durabilitas.ch\/wp-admin\/edit.php?post_type=page\"><\/a><\/p>\n\n\n\r\n<div id=\"map-block_046d0f4c6beb9a98419cb93172f55875\" class=\"map-block has-spacing--default\">\r\n\r\n    <p class=\"map-block__headline\">\r\n        Unser Standort:\r\n    <\/p>\r\n        \r\n    <div id=\"map\"><\/div>\r\n\r\n    <!-- Leaflet JS -->\r\n    <script src=\"https:\/\/unpkg.com\/leaflet@1.9.4\/dist\/leaflet.js\"><\/script>\r\n\r\n    <script>\r\n        var map = L.map('map').setView([47.13965302107712, 7.247353269016513], 17);\r\n\r\n        \/*\r\n        L.tileLayer('https:\/\/{s}.basemaps.cartocdn.com\/light_all\/{z}\/{x}\/{y}{r}.png', {\r\n            attribution: '&copy; OpenStreetMap contributors &copy; Carto',\r\n            subdomains: 'abcd',\r\n            maxZoom: 20\r\n        }).addTo(map);\r\n        *\/\r\n\r\n        L.tileLayer('https:\/\/{s}.tile.openstreetmap.org\/{z}\/{x}\/{y}.png', {\r\n            attribution: '&copy; OpenStreetMap contributors',\r\n            maxZoom: 19\r\n        }).addTo(map);\r\n\r\n        var customIcon = L.icon({\r\n            iconUrl: 'data:image\/svg+xml;charset=UTF-8,' + encodeURIComponent(`\r\n            <svg xmlns=\"http:\/\/www.w3.org\/2000\/svg\" width=\"39.406\" height=\"54.942\" viewBox=\"0 0 39.406 54.942\">\r\n            <path id=\"Pfad_1309\" data-name=\"Pfad 1309\" d=\"M45.4,20.911c-16.173,0-20.028,13.828-19.682,20.532.444,8.574,6.833,20.9,19.682,34.41C58.253,62.34,64.642,50.017,65.086,41.443,65.432,34.739,61.576,20.911,45.4,20.911Zm-.056,26.142a7.089,7.089,0,1,1,7.089-7.089A7.089,7.089,0,0,1,45.348,47.053Z\" transform=\"translate(-25.701 -20.911)\" fill=\"#e5626f\"\/>\r\n            <\/svg>\r\n            `),\r\n            iconSize: [40, 60], \r\n            iconAnchor: [20, 40], \/\/ Punkt, der auf die Koordinate zeigt\r\n            popupAnchor: [0, -40] \/\/ Popup-Position relativ zum Icon\r\n        });\r\n\r\n        L.marker([47.13965302107712, 7.247353269016513], { icon: customIcon }).addTo(map)\r\n            .bindPopup(\"<strong>durabilitas<\/strong><br> General-Dufour-Strasse 18<br> 2502 Biel\/Bienne\")\r\n            \/\/.openPopup();\r\n    <\/script>\r\n\r\n    \r\n<\/div>","protected":false},"excerpt":{"rendered":"<p>Les coordonn\u00e9es de nos sp\u00e9cialistes sont disponibles sur la page de notre \u00e9quipe. Pour nous &#8230;<\/p>\n","protected":false},"author":1,"featured_media":0,"parent":2593,"menu_order":0,"comment_status":"closed","ping_status":"closed","template":"","meta":{"_acf_changed":false,"footnotes":""},"class_list":["post-2595","page","type-page","status-publish","hentry"],"acf":[],"yoast_head":"<!-- This site is optimized with the Yoast SEO plugin v27.3 - https:\/\/yoast.com\/product\/yoast-seo-wordpress\/ -->\n<title>Contact - Durabilitas<\/title>\n<meta name=\"description\" content=\"Durabilitas \u2013 Rue du G\u00e9n\u00e9ral-Dufour 18 \u2013 2502 Biel\/Bienne \u2013 T\u00e9l. : +41 33 533 22 14 \u2013 E-mail : info@durabilitas.ch\" \/>\n<meta name=\"robots\" content=\"index, follow, max-snippet:-1, max-image-preview:large, max-video-preview:-1\" \/>\n<link rel=\"canonical\" href=\"https:\/\/durabilitas.ch\/fr\/a-propos-de-nous\/contact\/\" \/>\n<meta property=\"og:locale\" content=\"fr_FR\" \/>\n<meta property=\"og:type\" content=\"article\" \/>\n<meta property=\"og:title\" content=\"Contact - Durabilitas\" \/>\n<meta property=\"og:description\" content=\"Durabilitas \u2013 Rue du G\u00e9n\u00e9ral-Dufour 18 \u2013 2502 Biel\/Bienne \u2013 T\u00e9l. : +41 33 533 22 14 \u2013 E-mail : info@durabilitas.ch\" \/>\n<meta property=\"og:url\" content=\"https:\/\/durabilitas.ch\/fr\/a-propos-de-nous\/contact\/\" \/>\n<meta property=\"og:site_name\" content=\"Durabilitas\" \/>\n<meta property=\"article:modified_time\" content=\"2025-04-30T20:20:10+00:00\" \/>\n<meta name=\"twitter:card\" content=\"summary_large_image\" \/>\n<script type=\"application\/ld+json\" class=\"yoast-schema-graph\">{\"@context\":\"https:\\\/\\\/schema.org\",\"@graph\":[{\"@type\":\"WebPage\",\"@id\":\"https:\\\/\\\/durabilitas.ch\\\/fr\\\/a-propos-de-nous\\\/contact\\\/\",\"url\":\"https:\\\/\\\/durabilitas.ch\\\/fr\\\/a-propos-de-nous\\\/contact\\\/\",\"name\":\"Contact - Durabilitas\",\"isPartOf\":{\"@id\":\"https:\\\/\\\/durabilitas.ch\\\/fr\\\/#website\"},\"datePublished\":\"2025-02-21T09:04:56+00:00\",\"dateModified\":\"2025-04-30T20:20:10+00:00\",\"description\":\"Durabilitas \u2013 Rue du G\u00e9n\u00e9ral-Dufour 18 \u2013 2502 Biel\\\/Bienne \u2013 T\u00e9l. : +41 33 533 22 14 \u2013 E-mail : info@durabilitas.ch\",\"breadcrumb\":{\"@id\":\"https:\\\/\\\/durabilitas.ch\\\/fr\\\/a-propos-de-nous\\\/contact\\\/#breadcrumb\"},\"inLanguage\":\"fr-FR\",\"potentialAction\":[{\"@type\":\"ReadAction\",\"target\":[\"https:\\\/\\\/durabilitas.ch\\\/fr\\\/a-propos-de-nous\\\/contact\\\/\"]}]},{\"@type\":\"BreadcrumbList\",\"@id\":\"https:\\\/\\\/durabilitas.ch\\\/fr\\\/a-propos-de-nous\\\/contact\\\/#breadcrumb\",\"itemListElement\":[{\"@type\":\"ListItem\",\"position\":1,\"name\":\"Home\",\"item\":\"https:\\\/\\\/durabilitas.ch\\\/fr\\\/\"},{\"@type\":\"ListItem\",\"position\":2,\"name\":\"\u00c0 propos de nous\",\"item\":\"https:\\\/\\\/durabilitas.ch\\\/fr\\\/a-propos-de-nous\\\/\"},{\"@type\":\"ListItem\",\"position\":3,\"name\":\"Contact\"}]},{\"@type\":\"WebSite\",\"@id\":\"https:\\\/\\\/durabilitas.ch\\\/fr\\\/#website\",\"url\":\"https:\\\/\\\/durabilitas.ch\\\/fr\\\/\",\"name\":\"Durabilitas\",\"description\":\"\",\"potentialAction\":[{\"@type\":\"SearchAction\",\"target\":{\"@type\":\"EntryPoint\",\"urlTemplate\":\"https:\\\/\\\/durabilitas.ch\\\/fr\\\/?s={search_term_string}\"},\"query-input\":{\"@type\":\"PropertyValueSpecification\",\"valueRequired\":true,\"valueName\":\"search_term_string\"}}],\"inLanguage\":\"fr-FR\"}]}<\/script>\n<!-- \/ Yoast SEO plugin. -->","yoast_head_json":{"title":"Contact - Durabilitas","description":"Durabilitas \u2013 Rue du G\u00e9n\u00e9ral-Dufour 18 \u2013 2502 Biel\/Bienne \u2013 T\u00e9l. : +41 33 533 22 14 \u2013 E-mail : info@durabilitas.ch","robots":{"index":"index","follow":"follow","max-snippet":"max-snippet:-1","max-image-preview":"max-image-preview:large","max-video-preview":"max-video-preview:-1"},"canonical":"https:\/\/durabilitas.ch\/fr\/a-propos-de-nous\/contact\/","og_locale":"fr_FR","og_type":"article","og_title":"Contact - Durabilitas","og_description":"Durabilitas \u2013 Rue du G\u00e9n\u00e9ral-Dufour 18 \u2013 2502 Biel\/Bienne \u2013 T\u00e9l. : +41 33 533 22 14 \u2013 E-mail : info@durabilitas.ch","og_url":"https:\/\/durabilitas.ch\/fr\/a-propos-de-nous\/contact\/","og_site_name":"Durabilitas","article_modified_time":"2025-04-30T20:20:10+00:00","twitter_card":"summary_large_image","schema":{"@context":"https:\/\/schema.org","@graph":[{"@type":"WebPage","@id":"https:\/\/durabilitas.ch\/fr\/a-propos-de-nous\/contact\/","url":"https:\/\/durabilitas.ch\/fr\/a-propos-de-nous\/contact\/","name":"Contact - Durabilitas","isPartOf":{"@id":"https:\/\/durabilitas.ch\/fr\/#website"},"datePublished":"2025-02-21T09:04:56+00:00","dateModified":"2025-04-30T20:20:10+00:00","description":"Durabilitas \u2013 Rue du G\u00e9n\u00e9ral-Dufour 18 \u2013 2502 Biel\/Bienne \u2013 T\u00e9l. : +41 33 533 22 14 \u2013 E-mail : info@durabilitas.ch","breadcrumb":{"@id":"https:\/\/durabilitas.ch\/fr\/a-propos-de-nous\/contact\/#breadcrumb"},"inLanguage":"fr-FR","potentialAction":[{"@type":"ReadAction","target":["https:\/\/durabilitas.ch\/fr\/a-propos-de-nous\/contact\/"]}]},{"@type":"BreadcrumbList","@id":"https:\/\/durabilitas.ch\/fr\/a-propos-de-nous\/contact\/#breadcrumb","itemListElement":[{"@type":"ListItem","position":1,"name":"Home","item":"https:\/\/durabilitas.ch\/fr\/"},{"@type":"ListItem","position":2,"name":"\u00c0 propos de nous","item":"https:\/\/durabilitas.ch\/fr\/a-propos-de-nous\/"},{"@type":"ListItem","position":3,"name":"Contact"}]},{"@type":"WebSite","@id":"https:\/\/durabilitas.ch\/fr\/#website","url":"https:\/\/durabilitas.ch\/fr\/","name":"Durabilitas","description":"","potentialAction":[{"@type":"SearchAction","target":{"@type":"EntryPoint","urlTemplate":"https:\/\/durabilitas.ch\/fr\/?s={search_term_string}"},"query-input":{"@type":"PropertyValueSpecification","valueRequired":true,"valueName":"search_term_string"}}],"inLanguage":"fr-FR"}]}},"_links":{"self":[{"href":"https:\/\/durabilitas.ch\/fr\/wp-json\/wp\/v2\/pages\/2595","targetHints":{"allow":["GET"]}}],"collection":[{"href":"https:\/\/durabilitas.ch\/fr\/wp-json\/wp\/v2\/pages"}],"about":[{"href":"https:\/\/durabilitas.ch\/fr\/wp-json\/wp\/v2\/types\/page"}],"author":[{"embeddable":true,"href":"https:\/\/durabilitas.ch\/fr\/wp-json\/wp\/v2\/users\/1"}],"replies":[{"embeddable":true,"href":"https:\/\/durabilitas.ch\/fr\/wp-json\/wp\/v2\/comments?post=2595"}],"version-history":[{"count":1,"href":"https:\/\/durabilitas.ch\/fr\/wp-json\/wp\/v2\/pages\/2595\/revisions"}],"predecessor-version":[{"id":4043,"href":"https:\/\/durabilitas.ch\/fr\/wp-json\/wp\/v2\/pages\/2595\/revisions\/4043"}],"up":[{"embeddable":true,"href":"https:\/\/durabilitas.ch\/fr\/wp-json\/wp\/v2\/pages\/2593"}],"wp:attachment":[{"href":"https:\/\/durabilitas.ch\/fr\/wp-json\/wp\/v2\/media?parent=2595"}],"curies":[{"name":"wp","href":"https:\/\/api.w.org\/{rel}","templated":true}]}}